{"id":2260,"date":"2023-05-19T03:03:42","date_gmt":"2023-05-19T03:03:42","guid":{"rendered":"https:\/\/clubdepartamentalapurimac.com\/wp\/?page_id=2260"},"modified":"2024-01-07T01:15:59","modified_gmt":"2024-01-07T01:15:59","slug":"personajes","status":"publish","type":"page","link":"https:\/\/clubdepartamentalapurimac.com\/wp\/personajes\/","title":{"rendered":"PERSONAJES"},"content":{"rendered":"<style>\/*! elementor - v3.18.0 - 20-12-2023 *\/\n.elementor-heading-title{padding:0;margin:0;line-height:1}.elementor-widget-heading .elementor-heading-title[class*=elementor-size-]>a{color:inherit;font-size:inherit;line-height:inherit}.elementor-widget-heading .elementor-heading-title.elementor-size-small{font-size:15px}.elementor-widget-heading .elementor-heading-title.elementor-size-medium{font-size:19px}.elementor-widget-heading .elementor-heading-title.elementor-size-large{font-size:29px}.elementor-widget-heading .elementor-heading-title.elementor-size-xl{font-size:39px}.elementor-widget-heading .elementor-heading-title.elementor-size-xxl{font-size:59px}<\/style>\n<h4>PERSONAJES C\u00c9LEBRES DE APUR\u00cdMAC<\/h4>\n<style>\/*! elementor - v3.18.0 - 20-12-2023 *\/\n.elementor-widget-image{text-align:center}.elementor-widget-image a{display:inline-block}.elementor-widget-image a img[src$=\".svg\"]{width:48px}.elementor-widget-image img{vertical-align:middle;display:inline-block}<\/style>\n<p>\t\t\t\t\t\t\t\t\t\t\t\t<img loading=\"lazy\" decoding=\"async\" width=\"320\" height=\"269\" src=\"https:\/\/clubdepartamentalapurimac.com\/wp\/wp-content\/uploads\/2023\/05\/CHABUCA.jpg\" alt=\"\" srcset=\"https:\/\/clubdepartamentalapurimac.com\/wp\/wp-content\/uploads\/2023\/05\/CHABUCA.jpg 320w, https:\/\/clubdepartamentalapurimac.com\/wp\/wp-content\/uploads\/2023\/05\/CHABUCA-300x252.jpg 300w\" sizes=\"auto, (max-width: 320px) 100vw, 320px\" \/>\t\t\t\t\t\t\t\t\t\t\t\t\t\t\t<\/p>\n<h2>CHABUCA GRANDA<\/h2>\n<style>\/*! elementor - v3.18.0 - 20-12-2023 *\/\n.elementor-widget-image-box .elementor-image-box-content{width:100%}@media (min-width:768px){.elementor-widget-image-box.elementor-position-left .elementor-image-box-wrapper,.elementor-widget-image-box.elementor-position-right .elementor-image-box-wrapper{display:flex}.elementor-widget-image-box.elementor-position-right .elementor-image-box-wrapper{text-align:right;flex-direction:row-reverse}.elementor-widget-image-box.elementor-position-left .elementor-image-box-wrapper{text-align:left;flex-direction:row}.elementor-widget-image-box.elementor-position-top .elementor-image-box-img{margin:auto}.elementor-widget-image-box.elementor-vertical-align-top .elementor-image-box-wrapper{align-items:flex-start}.elementor-widget-image-box.elementor-vertical-align-middle .elementor-image-box-wrapper{align-items:center}.elementor-widget-image-box.elementor-vertical-align-bottom .elementor-image-box-wrapper{align-items:flex-end}}@media (max-width:767px){.elementor-widget-image-box .elementor-image-box-img{margin-left:auto!important;margin-right:auto!important;margin-bottom:15px}}.elementor-widget-image-box .elementor-image-box-img{display:inline-block}.elementor-widget-image-box .elementor-image-box-title a{color:inherit}.elementor-widget-image-box .elementor-image-box-wrapper{text-align:center}.elementor-widget-image-box .elementor-image-box-description{margin:0}<\/style>\n<p>Mar\u00eda Isabel Granda Larco naci\u00f3 el 3 de septiembre de 1920 en Las Cotabambas Aurarias, asiento minero ubicado en el distrito de Progreso, en la provincia de Grau, en el departamento de Apur\u00edmac. Su padre fue Eduardo Granda y San Bartolom\u00e9, quien era ingeniero de minas y su madre Isabel Susana Larco Ferrari de Granda.<br \/>\nEn 1923 la familia se mud\u00f3 a Lima, cursando sus estudios en el Colegio Sagrado Coraz\u00f3n. A los 12 a\u00f1os descubri\u00f3 su vocaci\u00f3n por el canto y durante su juventud ingres\u00f3 a la Asociaci\u00f3n de Artistas Aficionados, participando en teatro y \u00f3pera. Junto a Pilar Mujica form\u00f3 el d\u00fao Luz y Sombra cantando m\u00fasica mexicana. Luego junto a las hermanas Martha y Rosario Gibson conform\u00f3 un tr\u00edo present\u00e1ndose en Radio Miraflores y Radio Nacional.<\/p>\n<p>\t\t\t\t\t\t\t\t\t\t\t\t\t\t\t<img loading=\"lazy\" decoding=\"async\" width=\"181\" height=\"300\" src=\"https:\/\/clubdepartamentalapurimac.com\/wp\/wp-content\/uploads\/2023\/05\/micaela-bastidas-181x300.jpg\" alt=\"\" srcset=\"https:\/\/clubdepartamentalapurimac.com\/wp\/wp-content\/uploads\/2023\/05\/micaela-bastidas-181x300.jpg 181w, https:\/\/clubdepartamentalapurimac.com\/wp\/wp-content\/uploads\/2023\/05\/micaela-bastidas.jpg 300w\" sizes=\"auto, (max-width: 181px) 100vw, 181px\" \/>\t\t\t\t\t\t\t\t\t\t\t\t\t\t\t<\/p>\n<h2>MICAELA BASTIDAS<\/h2>\n<p>Micaela Bastidas Puyucahua (Tamburco, Abancay, 23 de junio de 1744-Cusco, 18 de mayo de 1781) fue una pr\u00f3cer de la independencia hispanoamericana, jug\u00f3 un importante papel en la historia del Per\u00fa.<br \/>\nHija de Manuel Bastidas, descendiente de africanos, y de Josefa Puyucahua, ind\u00edgena, por sus ra\u00edces tanto africanas como amerindias era conocida por muchos como Zamba, nombre que se daba en \u00e9poca colonial a las personas producto del mestizaje entre africanos e ind\u00edgenas.<br \/>\nEsposa y consejera de T\u00fapac Amaru II, su desempe\u00f1o tuvo vital importancia en la rebeli\u00f3n de Tinta. Su ejemplo de coraje y determinaci\u00f3n al defender sus ideales de justicia y libertad hasta su tr\u00e1gica y despiadada muerte en mano de los espa\u00f1oles, la convirtieron en leyenda y s\u00edmbolo de la lucha americana contra la opresi\u00f3n y la explotaci\u00f3n colonial.<\/p>\n<p>\t\t\t\t\t\t\t\t\t\t\t\t\t\t\t<img loading=\"lazy\" decoding=\"async\" width=\"320\" height=\"256\" src=\"https:\/\/clubdepartamentalapurimac.com\/wp\/wp-content\/uploads\/2023\/05\/palma.jpg\" alt=\"\" srcset=\"https:\/\/clubdepartamentalapurimac.com\/wp\/wp-content\/uploads\/2023\/05\/palma.jpg 320w, https:\/\/clubdepartamentalapurimac.com\/wp\/wp-content\/uploads\/2023\/05\/palma-300x240.jpg 300w\" sizes=\"auto, (max-width: 320px) 100vw, 320px\" \/>\t\t\t\t\t\t\t\t\t\t\t\t\t\t\t<\/p>\n<h2>RICARDO PALMA<\/h2>\n<p>Ricardo Palma fue hijo de Gregorio Palma y de Francisca Mena, quienes viv\u00edan en Talavera y tuvieron siete hijos, siendo Felipe o llamado tambi\u00e9n Ricardo el quinto, quien naci\u00f3 el 01 de mayo de 1,822, seg\u00fan figura en la partida de Bautizo de la Iglesia de Talavera, siendo su padrino de bautizo don Tom\u00e1s Mena.<br \/>\nJusta Palma, su hermana menor es quien sostuvo que su hermano Felipe es Ricardo, quien de muy ni\u00f1o fue llevado a Lima para que estudie en un Monasterio, y que despu\u00e9s se hizo escritor famoso. Esta afirmaci\u00f3n fue tambi\u00e9n certificada por Cecilia Samanez Palma hija de la citada do\u00f1a Justa quien recuerda afirmaciones de su madre en ese sentido.<br \/>\nAdem\u00e1s existen m\u00faltiples testimonios que corroboran esta tesis: como los de Juan Guillermo Samanez, Mateo Carrasco, Emiliano Almanza, David Samanez Ocampo, Carmen Martinelli de Samanez, Ubaldina Ocampo de Ball\u00f3n y otros personajes notables de esa \u00e9poca.<br \/>\nEl cambio de nombre de Felipe a Ricardo se explicar\u00eda por ser su padre el entonces p\u00e1rroco de Talavera Jos\u00e9 Mar\u00eda Legu\u00eda, quien adem\u00e1s lo bautiz\u00f3 y asent\u00f3 la partida respectiva, para posteriormente recoger a su hijo y enviarlo a estudiar en un seminario de Lima, por lo que por respeto a tal dignidad no se divulg\u00f3 su origen, tema que Palma siempre supo soslayar.<br \/>\nOtra versi\u00f3n, es que Ricardo Palma es lime\u00f1o, nacido el 7 de febrero de 1,833, fecha que figura en la placa de la casa donde vivi\u00f3. Afirmaci\u00f3n que se sustenta entre otras fuentes en una partida de bautismo, la que presenta graves incongruencias con su edad y episodios de su vida.<\/p>\n<p>\t\t\t\t\t\t\t\t\t\t\t\t\t\t\t<img loading=\"lazy\" decoding=\"async\" width=\"340\" height=\"308\" src=\"https:\/\/clubdepartamentalapurimac.com\/wp\/wp-content\/uploads\/2023\/05\/arguedas_jose_maria.jpg\" alt=\"\" srcset=\"https:\/\/clubdepartamentalapurimac.com\/wp\/wp-content\/uploads\/2023\/05\/arguedas_jose_maria.jpg 340w, https:\/\/clubdepartamentalapurimac.com\/wp\/wp-content\/uploads\/2023\/05\/arguedas_jose_maria-300x272.jpg 300w\" sizes=\"auto, (max-width: 340px) 100vw, 340px\" \/>\t\t\t\t\t\t\t\t\t\t\t\t\t\t\t<\/p>\n<h2>JOS\u00c9 MARIA ARGUEDAS<\/h2>\n<p>Jos\u00e9 Mar\u00eda Arguedas Altamirano naci\u00f3 el 18 de enero de 1911 en Andahuaylas, Per\u00fa. Hijo de un abogado cusque\u00f1o y una hacendada andahuaylina. Su madre muri\u00f3 cuando Jos\u00e9 Mar\u00eda ten\u00eda s\u00f3lo tres a\u00f1os y en 1917 su padre se cas\u00f3 en segundas nupcias y la familia se traslad\u00f3 al pueblo de Puquio y luego a San Juan de Lucanas. Al poco tiempo el padre fue cesado como juez por razones pol\u00edticas y hubo de trabajar como abogado itinerante, dejando a su hijo al cuidado de la madrastra y el hijo de \u00e9sta, quienes le daban tratamiento de sirviente, de modo que su experiencia afectiva estuvo marcada por el cuidado de los indios quechuas que ejerc\u00edan de sirvientes en la hacienda. En 1921 se escap\u00f3 con su hermano Ar\u00edstides de la opresi\u00f3n del hermanastro. Se refugiaron en la hacienda Viseca, donde vivieron dos a\u00f1os en contacto con los indios, hablando su idioma y aprendiendo sus costumbres, hasta que en 1923 los recogi\u00f3 su padre, quien los llev\u00f3 en peregrinaje por diversos pueblos y ciudades de la sierra, para finalmente establecerse en Abancay.<br \/>\nCurs\u00f3 primero la escuela secundaria en la ciudad de Ica, en la des\u00e9rtica costa peruana, y luego en la ciudad de Huancayo, donde empez\u00f3 a escribir colaborando en una revista estudiantil. A los veinte a\u00f1os ingres\u00f3 en la Universidad de San Marcos, en Lima, donde estudi\u00f3 la especialidad de Letras y continu\u00f3 escribiendo para revistas universitarias. Entre 1932 y 1937 trabaj\u00f3 como auxiliar de la Administraci\u00f3n Central de Correos de Lima pero perdi\u00f3 el puesto al ser apresado por participar en una manifestaci\u00f3n estudiantil a favor de la Rep\u00fablica Espa\u00f1ola, por lo que pas\u00f3 casi un a\u00f1o en prisi\u00f3n.<\/p>\n<p>\t\t\t\t\t\t\t\t\t\t\t\t\t\t\t<img loading=\"lazy\" decoding=\"async\" width=\"189\" height=\"300\" src=\"https:\/\/clubdepartamentalapurimac.com\/wp\/wp-content\/uploads\/2024\/01\/SO-F-0060-189x300.jpg\" alt=\"\" srcset=\"https:\/\/clubdepartamentalapurimac.com\/wp\/wp-content\/uploads\/2024\/01\/SO-F-0060-189x300.jpg 189w, https:\/\/clubdepartamentalapurimac.com\/wp\/wp-content\/uploads\/2024\/01\/SO-F-0060-644x1024.jpg 644w, https:\/\/clubdepartamentalapurimac.com\/wp\/wp-content\/uploads\/2024\/01\/SO-F-0060-768x1222.jpg 768w, https:\/\/clubdepartamentalapurimac.com\/wp\/wp-content\/uploads\/2024\/01\/SO-F-0060-966x1536.jpg 966w, https:\/\/clubdepartamentalapurimac.com\/wp\/wp-content\/uploads\/2024\/01\/SO-F-0060-1287x2048.jpg 1287w, https:\/\/clubdepartamentalapurimac.com\/wp\/wp-content\/uploads\/2024\/01\/SO-F-0060.jpg 1356w\" sizes=\"auto, (max-width: 189px) 100vw, 189px\" \/>\t\t\t\t\t\t\t\t\t\t\t\t\t\t\t<\/p>\n<h2>David Samanez Ocampo y Sobrino<\/h2>\n<p>Naci\u00f3 en Huancarama en 1866. Fue un pol\u00edtico peruano que ocup\u00f3 la presidencia interina del Per\u00fa entre 1930 y 1931, al frente de una Junta Nacional de Gobierno.<br \/>\nA partir de 1930 el Per\u00fa se sumi\u00f3 en un per\u00edodo de crisis econ\u00f3mica y desorden pol\u00edtico tales, que se sucedieron seis presidentes de la Rep\u00fablica en el lapso de s\u00f3lo siete meses.<br \/>\nTen\u00eda Samanez Ocampo 65 a\u00f1os al momento de asumir la presidencia de la Junta Nacional de Gobierno del Per\u00fa, y aunque su gobierno dur\u00f3 s\u00f3lo nueve meses, habr\u00eda de merecer el reconocimiento general.<br \/>\nSu mayor contribuci\u00f3n fue un nuevo Estatuto Electoral, preparado por una comisi\u00f3n especial, en la que participaron j\u00f3venes personalidades como C\u00e9sar Antonio Ugarte, Alberto Arca Parr\u00f3, Jos\u00e9 Antonio Encinas, Luis E. Valc\u00e1rcel, Jorge Basadre Grohmann y Luis Alberto S\u00e1nchez. Esta comisi\u00f3n funcion\u00f3 en la Biblioteca de la Universidad de San Marcos, y tras culminar su labor present\u00f3 al gobierno un anteproyecto de Estatuto Electoral, el mismo que fue oficializado, con algunas peque\u00f1as enmiendas, por decreto ley N.\u00ba 7177 del 26 de mayo de 1931. Las novedades de la nueva ley electoral fueron las siguientes: La confecci\u00f3n de un moderno padr\u00f3n electoral centralizado, que hizo que las listas de votantes ya no dependieran de Juntas Preparatorias provinciales que sol\u00edan cometer todo tipo de vicios y fraudes. El escrutinio no se har\u00eda en la mesa de sufragio sino en el Jurado Departamental, a fin de evitar las anteriores tomas de mesas por obra de turbas armadas, que favorec\u00edan a determinados candidatos. El establecimiento del voto secreto, en una c\u00e1mara de sufragio, pues hasta entonces el voto hab\u00eda sido p\u00fablico. La imposici\u00f3n de una sanci\u00f3n para los omisos al voto. Quedaron exceptuados de ser votantes los curas, los militares, los varones menores de 21 a\u00f1os, las mujeres de todas las edades y los analfabetos. Los partidarios de Legu\u00eda fueron prohibidos de ser candidatos. Como poder supremo electoral fue erigido el Jurado Nacional de Elecciones, independiente del Poder Ejecutivo. El gobierno de Samanez cre\u00f3 tambi\u00e9n el Banco de Reserva, promulg\u00f3 una nueva ley de quiebras y estableci\u00f3 un fondo \u201cPro desocupados\u201d para intentar socorrer a los m\u00e1s necesitados. En medio de sucesivas intentonas golpistas y serios conflictos laborales, incluso se realiz\u00f3 un censo que arroj\u00f3 375.000 habitantes en Lima y 69.800 habitantes en el Callao. Terminada su misi\u00f3n pol\u00edtica despu\u00e9s de elegir un nuevo Presidente del Per\u00fa en 1931, Samanez volvi\u00f3 a retirarse de la actividad pol\u00edtica, esta vez en forma definitiva, dedic\u00e1ndose a la agricultura.<\/p>\n<p>\t\t\t\t\t\t\t\t\t\t\t\t\t\t\t<img loading=\"lazy\" decoding=\"async\" width=\"191\" height=\"300\" src=\"https:\/\/clubdepartamentalapurimac.com\/wp\/wp-content\/uploads\/2024\/01\/espinoza_medrano-191x300.jpg\" alt=\"\" srcset=\"https:\/\/clubdepartamentalapurimac.com\/wp\/wp-content\/uploads\/2024\/01\/espinoza_medrano-191x300.jpg 191w, https:\/\/clubdepartamentalapurimac.com\/wp\/wp-content\/uploads\/2024\/01\/espinoza_medrano.jpg 350w\" sizes=\"auto, (max-width: 191px) 100vw, 191px\" \/>\t\t\t\t\t\t\t\t\t\t\t\t\t\t\t<\/p>\n<h2>Juan de Espinosa Medrano<\/h2>\n<p>Naci\u00f3 en Calcauso \u2013 Antabamba en 1629. Fue un cl\u00e9rico y literato.<br \/>\nGracias a su precoz talento y al apoyo del cura de su pueblo se le abrieron las puertas del Seminario de San Antonio Abad del Cusco y luego las de la Universidad de San Antonio Abad del Cusco de la misma ciudad, donde se gradu\u00f3. Pol\u00edglota y polifac\u00e9tico, antes de los 18 a\u00f1os ya escrib\u00eda autos sacramentales, compon\u00eda m\u00fasica sacra y dominaba el lat\u00edn, el griego, el hebreo y, por supuesto, el quechua. Lo llamaban \u201cLunarejo\u201d as\u00ed por los lunares que marcaban su rostro y en vida fue ya toda una leyenda. Se dice que cuando el virrey Pedro Antonio Fern\u00e1ndez de Castro, X Conde de Lemos, lleg\u00f3 al Cusco, uno de sus primeros actos fue asistir a una misa celebrada por \u201cEl Lunarejo\u201d. Enraizado en el imaginario popular, todav\u00eda en el siglo XIX se relataban entre las viejas familias cusque\u00f1as, como lo recuerda Clorinda Matto de Turner, algunas de las an\u00e9cdotas que protagonizara. La m\u00e1s conocida nos lo muestra predicando a templo repleto e interrumpiendo su serm\u00f3n para pedir a la multitud: \u201cSe\u00f1ores, den lugar a esa pobre india que es mi madre\u201d.<br \/>\nSu primera obra tal vez sea \u201cEl rapto de Prosepina\u201d, drama que la tradici\u00f3n dice que escribi\u00f3 cuando no hab\u00eda cumplido los quince a\u00f1os y que lleg\u00f3 a ser representado en Madrid y N\u00e1poles. Tambi\u00e9n para el teatro compuso \u201cEl amar su propia muerte\u201d y el auto sacramental en quechua \u201cEl hijo pr\u00f3digo\u201d. Adem\u00e1s, escribi\u00f3 en lat\u00edn, el tratado de l\u00f3gica \u201cCurso de filosof\u00eda tom\u00edstica\u201d, y treinta de sus sermones, sin duda los m\u00e1s bellos que se han compuesto en el Per\u00fa, fueron agrupados p\u00f3stumamente por sus admiradores y publicados en 1695, bajo el t\u00edtulo de \u201cLa novena maravilla\u201d. Pero fue su \u201cApolog\u00e9tico en favor de Luis G\u00f3ngora\u201d, pr\u00edncipe de los poetas l\u00edricos espa\u00f1oles, la obra que le asegur\u00f3 un lugar en la posteridad. Publicada en 1662, es una apasionada defensa del gran poeta cordob\u00e9s contra los ataques del portugu\u00e9s Manuel de Far\u00eda y Sousa, pero tambi\u00e9n un ejercicio de estilo y la aplicaci\u00f3n, al an\u00e1lisis de los versos gongorinos, de ideas avanzadas para su \u00e9poca y, en alg\u00fan caso, pr\u00f3ximas a las de la estil\u00edstica del siglo XX, como lo remarca D\u00e1maso Alonso. La calidad de la prosa del \u201cApolog\u00e9tico en favor de Luis G\u00f3ngora\u201d, musical, brillante, ingeniosa, es tal, que don Marcelino Men\u00e9ndez Pelayo la califica de \u201cperla ca\u00edda en el muladar de la po\u00e9tica culterana\u201d. No obstante sus m\u00e9ritos acad\u00e9micos y literarios, se desempe\u00f1\u00f3 con humildad durante muchos a\u00f1os como p\u00e1rroco de la iglesia de San Crist\u00f3bal, donde sus elocuentes sermones convocaban multitudes. Durante sus \u00faltimos a\u00f1os integr\u00f3 el cabildo diocesano en la catedral del Cusco y dict\u00f3 c\u00e1tedra en el Seminario.<\/p>\n","protected":false},"excerpt":{"rendered":"<p>PERSONAJES C\u00c9LEBRES DE APUR\u00cdMAC CHABUCA GRANDA Mar\u00eda Isabel Granda Larco naci\u00f3 el 3 de septiembre de 1920 en Las Cotabambas Aurarias, asiento minero ubicado en el distrito de Progreso, en la provincia de Grau, en el departamento de Apur\u00edmac. Su padre fue Eduardo Granda y San Bartolom\u00e9, quien era ingeniero de minas y su madre &hellip;<\/p>\n<p class=\"read-more\"> <a class=\"\" href=\"https:\/\/clubdepartamentalapurimac.com\/wp\/personajes\/\"> <span class=\"screen-reader-text\">PERSONAJES<\/span> Leer m\u00e1s &raquo;<\/a><\/p>\n","protected":false},"author":1,"featured_media":0,"parent":0,"menu_order":0,"comment_status":"closed","ping_status":"closed","template":"","meta":{"site-sidebar-layout":"no-sidebar","site-content-layout":"page-builder","ast-global-header-display":"","ast-main-header-display":"","ast-hfb-above-header-display":"","ast-hfb-below-header-display":"","ast-hfb-mobile-header-display":"","site-post-title":"disabled","ast-breadcrumbs-content":"","ast-featured-img":"disabled","footer-sml-layout":"","theme-transparent-header-meta":"","adv-header-id-meta":"","stick-header-meta":"","header-above-stick-meta":"","header-main-stick-meta":"","header-below-stick-meta":"","footnotes":""},"class_list":["post-2260","page","type-page","status-publish","hentry"],"_links":{"self":[{"href":"https:\/\/clubdepartamentalapurimac.com\/wp\/wp-json\/wp\/v2\/pages\/2260","targetHints":{"allow":["GET"]}}],"collection":[{"href":"https:\/\/clubdepartamentalapurimac.com\/wp\/wp-json\/wp\/v2\/pages"}],"about":[{"href":"https:\/\/clubdepartamentalapurimac.com\/wp\/wp-json\/wp\/v2\/types\/page"}],"author":[{"embeddable":true,"href":"https:\/\/clubdepartamentalapurimac.com\/wp\/wp-json\/wp\/v2\/users\/1"}],"replies":[{"embeddable":true,"href":"https:\/\/clubdepartamentalapurimac.com\/wp\/wp-json\/wp\/v2\/comments?post=2260"}],"version-history":[{"count":19,"href":"https:\/\/clubdepartamentalapurimac.com\/wp\/wp-json\/wp\/v2\/pages\/2260\/revisions"}],"predecessor-version":[{"id":2884,"href":"https:\/\/clubdepartamentalapurimac.com\/wp\/wp-json\/wp\/v2\/pages\/2260\/revisions\/2884"}],"wp:attachment":[{"href":"https:\/\/clubdepartamentalapurimac.com\/wp\/wp-json\/wp\/v2\/media?parent=2260"}],"curies":[{"name":"wp","href":"https:\/\/api.w.org\/{rel}","templated":true}]}}